{"id":7206,"date":"2023-06-01T03:39:00","date_gmt":"2023-06-01T06:39:00","guid":{"rendered":"https:\/\/contractworkplaces.com\/site\/?post_type=fm_magazine&#038;p=7206"},"modified":"2023-07-01T11:05:54","modified_gmt":"2023-07-01T14:05:54","slug":"uide-quito","status":"publish","type":"fm_magazine","link":"https:\/\/contractworkplaces.com\/site\/revista\/109-mayo-2023\/uide-quito\/","title":{"rendered":"UIDE Quito"},"content":{"rendered":"\n<p>La Universidad Internacional de Ecuador (UIDE) es una importante instituci\u00f3n acad\u00e9mica que, a ra\u00edz de su alianza en 2021 con la Arizona State University \u2013n\u00famero 1 en innovaci\u00f3n en los Estados Unidos\u2013 se encontraba en un proceso de transici\u00f3n y renovaci\u00f3n integral.<\/p>\n\n\n\n<p>El objetivo era alinear sus espacios f\u00edsicos con los nuevos programas de estudios y la propuesta pedag\u00f3gica, ambos enfocados en generar un \u00e1mbito de aprendizaje capaz de promover el desarrollo integral de los estudiantes, la calidad acad\u00e9mica, la innovaci\u00f3n y la internacionalizaci\u00f3n, con la tecnolog\u00eda como eje transversal de sus pr\u00e1cticas. Para acompa\u00f1arlos en este proceso de cambio y ayudarlos a cumplir con sus objetivos dentro de un ecosistema que integre a todos los miembros de la comunidad educativa, UIDE convoc\u00f3 a la divisi\u00f3n de educaci\u00f3n Recreo de Contract Workplaces.<\/p>\n\n\n\n<p>Con este nuevo proyecto se busc\u00f3 desarrollar en el alumnado habilidades tales como la colaboraci\u00f3n, la investigaci\u00f3n, el pensamiento cr\u00edtico, la resoluci\u00f3n de problemas y el cuidado del medioambiente, todo a trav\u00e9s de m\u00e9todos de ense\u00f1anza rigurosos y disruptivos y con el espacio f\u00edsico como aliado inseparable del proceso. Tambi\u00e9n se procur\u00f3 brindar un \u00e1mbito renovado y m\u00e1s amigable con los estudiantes, los docentes y los empleados administrativos.<\/p>\n\n\n\n<p>Para ello se trabaj\u00f3 en los 2.010 m\u00b2 de la planta baja del Edificio de Aulas ubicado en un sector de las 36 hect\u00e1reas de terreno que posee el campus matriz en la ciudad de Quito. All\u00ed se incorporaron distintas tipolog\u00edas de aulas, algunas de las cuales son componibles, flexibles y reconfigurables, con capacidad para desarrollar una variedad de din\u00e1micas y actividades, ya sean individuales o colaborativas. El proyecto tambi\u00e9n cuenta con un laboratorio de odontolog\u00eda, espacios para encuentros informales, un <em>Coffee Point<\/em>, \u00e1reas de apoyo y <em>lockers<\/em>.<\/p>\n\n\n\n<div style=\"height:28px\" aria-hidden=\"true\" class=\"wp-block-spacer\"><\/div>\n\n\n\n<figure class=\"wp-block-image size-large\"><img decoding=\"async\" src=\"https:\/\/contractworkplaces.com\/web\/wp-content\/uploads\/2022\/11\/BICUBIK_3410.jpg\" alt=\"\"\/><\/figure>\n\n\n\n<p>En el \u00e1rea central de la planta, y en contacto directo con las aulas, se cre\u00f3 un <em>Collaboratio<\/em><em>n<\/em><em> H<\/em><em>ub<\/em>. Este espacio cuenta con una variedad de tipolog\u00edas que permiten distintas tareas de colaboraci\u00f3n y aprendizaje orientadas tanto al trabajo individual como en grupo. No obstante, tambi\u00e9n se adapta a otras modalidades tales como las charlas informales o las tutor\u00edas. Para ello se dise\u00f1\u00f3 una grader\u00eda en relaci\u00f3n directa con el acceso y la recepci\u00f3n, y se crearon salas de reuniones para 4 personas, <em>phone booths<\/em>, <em>meeting boxes<\/em> y un \u00e1rea de <em>hot desks.<\/em><\/p>\n\n\n\n<div style=\"height:48px\" aria-hidden=\"true\" class=\"wp-block-spacer\"><\/div>\n\n\n\n<figure class=\"wp-block-gallery columns-2 is-cropped wp-block-gallery-1 is-layout-flex wp-block-gallery-is-layout-flex\"><ul class=\"blocks-gallery-grid\"><li class=\"blocks-gallery-item\"><figure><img loading=\"lazy\" decoding=\"async\" width=\"750\" height=\"500\" src=\"https:\/\/contractworkplaces.com\/site\/wp-content\/uploads\/2023\/05\/BICUBIK_3197.jpg\" alt=\"\" data-id=\"7209\" data-link=\"https:\/\/contractworkplaces.com\/site\/?attachment_id=7209\" class=\"wp-image-7209\" srcset=\"https:\/\/contractworkplaces.com\/site\/wp-content\/uploads\/2023\/05\/BICUBIK_3197.jpg 750w, https:\/\/contractworkplaces.com\/site\/wp-content\/uploads\/2023\/05\/BICUBIK_3197-300x200.jpg 300w\" sizes=\"(max-width: 750px) 100vw, 750px\" \/><\/figure><\/li><li class=\"blocks-gallery-item\"><figure><img loading=\"lazy\" decoding=\"async\" width=\"750\" height=\"500\" src=\"https:\/\/contractworkplaces.com\/site\/wp-content\/uploads\/2023\/05\/BICUBIK_3225.jpg\" alt=\"\" data-id=\"7210\" data-full-url=\"https:\/\/contractworkplaces.com\/site\/wp-content\/uploads\/2023\/05\/BICUBIK_3225.jpg\" data-link=\"https:\/\/contractworkplaces.com\/site\/?attachment_id=7210\" class=\"wp-image-7210\" srcset=\"https:\/\/contractworkplaces.com\/site\/wp-content\/uploads\/2023\/05\/BICUBIK_3225.jpg 750w, https:\/\/contractworkplaces.com\/site\/wp-content\/uploads\/2023\/05\/BICUBIK_3225-300x200.jpg 300w\" sizes=\"(max-width: 750px) 100vw, 750px\" \/><\/figure><\/li><\/ul><\/figure>\n\n\n\n<p>Adem\u00e1s, el proyecto incluye la posibilidad de utilizar la terraza existente que estaba pr\u00e1cticamente en desuso y que ahora permite disfrutar del imponente paisaje natural que rodea el edificio. Para ello se agreg\u00f3 mobiliario exterior y distintos dispositivos de protecci\u00f3n solar junto con espacios de estancia a los que se denomin\u00f3 \u201crefugios\u201d. All\u00ed los estudiantes pueden socializar, compartir conocimiento y trabajar juntos en contacto directo con la naturaleza.<\/p>\n\n\n\n<div style=\"height:43px\" aria-hidden=\"true\" class=\"wp-block-spacer\"><\/div>\n\n\n\n<figure class=\"wp-block-gallery columns-2 is-cropped wp-block-gallery-2 is-layout-flex wp-block-gallery-is-layout-flex\"><ul class=\"blocks-gallery-grid\"><li class=\"blocks-gallery-item\"><figure><img loading=\"lazy\" decoding=\"async\" width=\"750\" height=\"500\" src=\"https:\/\/contractworkplaces.com\/site\/wp-content\/uploads\/2023\/05\/BICUBIK_2775.jpg\" alt=\"\" data-id=\"7211\" data-link=\"https:\/\/contractworkplaces.com\/site\/?attachment_id=7211\" class=\"wp-image-7211\" srcset=\"https:\/\/contractworkplaces.com\/site\/wp-content\/uploads\/2023\/05\/BICUBIK_2775.jpg 750w, https:\/\/contractworkplaces.com\/site\/wp-content\/uploads\/2023\/05\/BICUBIK_2775-300x200.jpg 300w\" sizes=\"(max-width: 750px) 100vw, 750px\" \/><\/figure><\/li><li class=\"blocks-gallery-item\"><figure><img loading=\"lazy\" decoding=\"async\" width=\"750\" height=\"500\" src=\"https:\/\/contractworkplaces.com\/site\/wp-content\/uploads\/2023\/05\/BICUBIK_2754.jpg\" alt=\"\" data-id=\"7212\" data-full-url=\"https:\/\/contractworkplaces.com\/site\/wp-content\/uploads\/2023\/05\/BICUBIK_2754.jpg\" data-link=\"https:\/\/contractworkplaces.com\/site\/?attachment_id=7212\" class=\"wp-image-7212\" srcset=\"https:\/\/contractworkplaces.com\/site\/wp-content\/uploads\/2023\/05\/BICUBIK_2754.jpg 750w, https:\/\/contractworkplaces.com\/site\/wp-content\/uploads\/2023\/05\/BICUBIK_2754-300x200.jpg 300w\" sizes=\"(max-width: 750px) 100vw, 750px\" \/><\/figure><\/li><\/ul><\/figure>\n\n\n\n<p>Crear un ambiente moderno, c\u00e1lido y colorido, donde la comunidad UIDE se sienta c\u00f3moda y due\u00f1a del espacio fue parte de la propuesta est\u00e9tica del proyecto. Si bien se utilizaron los colores institucionales presentes en el manual de marca (rojo vino, amarillo mostaza y azul), tambi\u00e9n se trabaj\u00f3 en el desarrollo de una paleta secundaria para ampliar las posibilidades crom\u00e1ticas de acuerdo con el uso de los diferentes espacios. A todo esto se sum\u00f3 la presencia de la naturaleza en el interior del edificio, lo que se logr\u00f3 abriendo m\u00e1s ventanas que permiten disfrutar de la enorme extensi\u00f3n de bosques y verde presentes en el predio.<\/p>\n\n\n\n<div style=\"height:44px\" aria-hidden=\"true\" class=\"wp-block-spacer\"><\/div>\n\n\n\n<figure class=\"wp-block-image size-large\"><img decoding=\"async\" src=\"https:\/\/contractworkplaces.com\/web\/wp-content\/uploads\/2022\/11\/BICUBIK_3361.jpg\" alt=\"\"\/><\/figure>\n\n\n\n<p>Cabe destacar que la UIDE pertenece a la Red Internacional de Campus Sostenibles (ISCN) y que ha estado siempre interesada en promover la sostenibilidad en todos sus procesos. Entre todas las iniciativas con las que est\u00e1 comprometida la instituci\u00f3n se incluy\u00f3 la instalaci\u00f3n de bebederos con un contador que indica cu\u00e1ntos vasos no se est\u00e1n consumiendo y cu\u00e1l es el impacto ambiental que esto genera, lo que ayuda a visibilizar la problem\u00e1tica y a aumentar la conciencia ambiental de los usuarios. Tambi\u00e9n es una universidad <em>pet friendly<\/em>; en el UIDE Store hay todo tipo de vestimenta para mascotas..<\/p>\n\n\n\n<hr class=\"wp-block-separator\"\/>\n\n\n\n<p><\/p>\n","protected":false},"featured_media":7208,"parent":7128,"menu_order":0,"template":"","fm_magazine_cat":[],"yoast_head":"<!-- This site is optimized with the Yoast SEO plugin v22.7 - https:\/\/yoast.com\/wordpress\/plugins\/seo\/ -->\n<title>UIDE Quito - WOW - World Of Work by Contract Workplaces<\/title>\n<meta name=\"robots\" content=\"index, follow, max-snippet:-1, max-image-preview:large, max-video-preview:-1\" \/>\n<link rel=\"canonical\" href=\"https:\/\/contractworkplaces.com\/site\/revista\/109-mayo-2023\/uide-quito\/\" \/>\n<meta property=\"og:locale\" content=\"es_ES\" \/>\n<meta property=\"og:type\" content=\"article\" \/>\n<meta property=\"og:title\" content=\"UIDE Quito - WOW - World Of Work by Contract Workplaces\" \/>\n<meta property=\"og:description\" content=\"La Universidad Internacional de Ecuador (UIDE) es una importante instituci\u00f3n acad\u00e9mica que, a ra\u00edz de su alianza en 2021 con la Arizona State University \u2013n\u00famero 1 en innovaci\u00f3n en los Estados Unidos\u2013 se encontraba en un proceso de transici\u00f3n y renovaci\u00f3n integral. El objetivo era alinear sus espacios f\u00edsicos con los nuevos programas de estudios [&hellip;]\" \/>\n<meta property=\"og:url\" content=\"https:\/\/contractworkplaces.com\/site\/revista\/109-mayo-2023\/uide-quito\/\" \/>\n<meta property=\"og:site_name\" content=\"WOW - World Of Work by Contract Workplaces\" \/>\n<meta property=\"article:modified_time\" content=\"2023-07-01T14:05:54+00:00\" \/>\n<meta property=\"og:image\" content=\"https:\/\/contractworkplaces.com\/site\/wp-content\/uploads\/2023\/05\/UIDE-1_440x380.jpg\" \/>\n\t<meta property=\"og:image:width\" content=\"380\" \/>\n\t<meta property=\"og:image:height\" content=\"440\" \/>\n\t<meta property=\"og:image:type\" content=\"image\/jpeg\" \/>\n<meta name=\"twitter:card\" content=\"summary_large_image\" \/>\n<meta name=\"twitter:label1\" content=\"Tiempo de lectura\" \/>\n\t<meta name=\"twitter:data1\" content=\"4 minutos\" \/>\n<script type=\"application\/ld+json\" class=\"yoast-schema-graph\">{\"@context\":\"https:\/\/schema.org\",\"@graph\":[{\"@type\":\"WebPage\",\"@id\":\"https:\/\/contractworkplaces.com\/site\/revista\/109-mayo-2023\/uide-quito\/\",\"url\":\"https:\/\/contractworkplaces.com\/site\/revista\/109-mayo-2023\/uide-quito\/\",\"name\":\"UIDE Quito - WOW - World Of Work by Contract Workplaces\",\"isPartOf\":{\"@id\":\"https:\/\/contractworkplaces.com\/site\/#website\"},\"primaryImageOfPage\":{\"@id\":\"https:\/\/contractworkplaces.com\/site\/revista\/109-mayo-2023\/uide-quito\/#primaryimage\"},\"image\":{\"@id\":\"https:\/\/contractworkplaces.com\/site\/revista\/109-mayo-2023\/uide-quito\/#primaryimage\"},\"thumbnailUrl\":\"https:\/\/contractworkplaces.com\/site\/wp-content\/uploads\/2023\/05\/UIDE-1_440x380.jpg\",\"datePublished\":\"2023-06-01T06:39:00+00:00\",\"dateModified\":\"2023-07-01T14:05:54+00:00\",\"breadcrumb\":{\"@id\":\"https:\/\/contractworkplaces.com\/site\/revista\/109-mayo-2023\/uide-quito\/#breadcrumb\"},\"inLanguage\":\"es-AR\",\"potentialAction\":[{\"@type\":\"ReadAction\",\"target\":[\"https:\/\/contractworkplaces.com\/site\/revista\/109-mayo-2023\/uide-quito\/\"]}]},{\"@type\":\"ImageObject\",\"inLanguage\":\"es-AR\",\"@id\":\"https:\/\/contractworkplaces.com\/site\/revista\/109-mayo-2023\/uide-quito\/#primaryimage\",\"url\":\"https:\/\/contractworkplaces.com\/site\/wp-content\/uploads\/2023\/05\/UIDE-1_440x380.jpg\",\"contentUrl\":\"https:\/\/contractworkplaces.com\/site\/wp-content\/uploads\/2023\/05\/UIDE-1_440x380.jpg\",\"width\":380,\"height\":440},{\"@type\":\"BreadcrumbList\",\"@id\":\"https:\/\/contractworkplaces.com\/site\/revista\/109-mayo-2023\/uide-quito\/#breadcrumb\",\"itemListElement\":[{\"@type\":\"ListItem\",\"position\":1,\"name\":\"Inicio\",\"item\":\"https:\/\/contractworkplaces.com\/site\/\"},{\"@type\":\"ListItem\",\"position\":2,\"name\":\"Revistas\",\"item\":\"https:\/\/contractworkplaces.com\/site\/revistas\/\"},{\"@type\":\"ListItem\",\"position\":3,\"name\":\"#109 | Mayo 2023\",\"item\":\"https:\/\/contractworkplaces.com\/site\/revista\/109-mayo-2023\/\"},{\"@type\":\"ListItem\",\"position\":4,\"name\":\"UIDE Quito\"}]},{\"@type\":\"WebSite\",\"@id\":\"https:\/\/contractworkplaces.com\/site\/#website\",\"url\":\"https:\/\/contractworkplaces.com\/site\/\",\"name\":\"WOW - World Of Work by Contract Workplaces\",\"description\":\"Magazine\",\"publisher\":{\"@id\":\"https:\/\/contractworkplaces.com\/site\/#organization\"},\"potentialAction\":[{\"@type\":\"SearchAction\",\"target\":{\"@type\":\"EntryPoint\",\"urlTemplate\":\"https:\/\/contractworkplaces.com\/site\/?s={search_term_string}\"},\"query-input\":\"required name=search_term_string\"}],\"inLanguage\":\"es-AR\"},{\"@type\":\"Organization\",\"@id\":\"https:\/\/contractworkplaces.com\/site\/#organization\",\"name\":\"WOW - World Of Work by Contract Workplaces\",\"url\":\"https:\/\/contractworkplaces.com\/site\/\",\"logo\":{\"@type\":\"ImageObject\",\"inLanguage\":\"es-AR\",\"@id\":\"https:\/\/contractworkplaces.com\/site\/#\/schema\/logo\/image\/\",\"url\":\"https:\/\/contractworkplaces.com\/site\/wp-content\/uploads\/2023\/01\/WOW.png\",\"contentUrl\":\"https:\/\/contractworkplaces.com\/site\/wp-content\/uploads\/2023\/01\/WOW.png\",\"width\":1200,\"height\":630,\"caption\":\"WOW - World Of Work by Contract Workplaces\"},\"image\":{\"@id\":\"https:\/\/contractworkplaces.com\/site\/#\/schema\/logo\/image\/\"}}]}<\/script>\n<!-- \/ Yoast SEO plugin. -->","yoast_head_json":{"title":"UIDE Quito - WOW - World Of Work by Contract Workplaces","robots":{"index":"index","follow":"follow","max-snippet":"max-snippet:-1","max-image-preview":"max-image-preview:large","max-video-preview":"max-video-preview:-1"},"canonical":"https:\/\/contractworkplaces.com\/site\/revista\/109-mayo-2023\/uide-quito\/","og_locale":"es_ES","og_type":"article","og_title":"UIDE Quito - WOW - World Of Work by Contract Workplaces","og_description":"La Universidad Internacional de Ecuador (UIDE) es una importante instituci\u00f3n acad\u00e9mica que, a ra\u00edz de su alianza en 2021 con la Arizona State University \u2013n\u00famero 1 en innovaci\u00f3n en los Estados Unidos\u2013 se encontraba en un proceso de transici\u00f3n y renovaci\u00f3n integral. El objetivo era alinear sus espacios f\u00edsicos con los nuevos programas de estudios [&hellip;]","og_url":"https:\/\/contractworkplaces.com\/site\/revista\/109-mayo-2023\/uide-quito\/","og_site_name":"WOW - World Of Work by Contract Workplaces","article_modified_time":"2023-07-01T14:05:54+00:00","og_image":[{"width":380,"height":440,"url":"https:\/\/contractworkplaces.com\/site\/wp-content\/uploads\/2023\/05\/UIDE-1_440x380.jpg","type":"image\/jpeg"}],"twitter_card":"summary_large_image","twitter_misc":{"Tiempo de lectura":"4 minutos"},"schema":{"@context":"https:\/\/schema.org","@graph":[{"@type":"WebPage","@id":"https:\/\/contractworkplaces.com\/site\/revista\/109-mayo-2023\/uide-quito\/","url":"https:\/\/contractworkplaces.com\/site\/revista\/109-mayo-2023\/uide-quito\/","name":"UIDE Quito - WOW - World Of Work by Contract Workplaces","isPartOf":{"@id":"https:\/\/contractworkplaces.com\/site\/#website"},"primaryImageOfPage":{"@id":"https:\/\/contractworkplaces.com\/site\/revista\/109-mayo-2023\/uide-quito\/#primaryimage"},"image":{"@id":"https:\/\/contractworkplaces.com\/site\/revista\/109-mayo-2023\/uide-quito\/#primaryimage"},"thumbnailUrl":"https:\/\/contractworkplaces.com\/site\/wp-content\/uploads\/2023\/05\/UIDE-1_440x380.jpg","datePublished":"2023-06-01T06:39:00+00:00","dateModified":"2023-07-01T14:05:54+00:00","breadcrumb":{"@id":"https:\/\/contractworkplaces.com\/site\/revista\/109-mayo-2023\/uide-quito\/#breadcrumb"},"inLanguage":"es-AR","potentialAction":[{"@type":"ReadAction","target":["https:\/\/contractworkplaces.com\/site\/revista\/109-mayo-2023\/uide-quito\/"]}]},{"@type":"ImageObject","inLanguage":"es-AR","@id":"https:\/\/contractworkplaces.com\/site\/revista\/109-mayo-2023\/uide-quito\/#primaryimage","url":"https:\/\/contractworkplaces.com\/site\/wp-content\/uploads\/2023\/05\/UIDE-1_440x380.jpg","contentUrl":"https:\/\/contractworkplaces.com\/site\/wp-content\/uploads\/2023\/05\/UIDE-1_440x380.jpg","width":380,"height":440},{"@type":"BreadcrumbList","@id":"https:\/\/contractworkplaces.com\/site\/revista\/109-mayo-2023\/uide-quito\/#breadcrumb","itemListElement":[{"@type":"ListItem","position":1,"name":"Inicio","item":"https:\/\/contractworkplaces.com\/site\/"},{"@type":"ListItem","position":2,"name":"Revistas","item":"https:\/\/contractworkplaces.com\/site\/revistas\/"},{"@type":"ListItem","position":3,"name":"#109 | Mayo 2023","item":"https:\/\/contractworkplaces.com\/site\/revista\/109-mayo-2023\/"},{"@type":"ListItem","position":4,"name":"UIDE Quito"}]},{"@type":"WebSite","@id":"https:\/\/contractworkplaces.com\/site\/#website","url":"https:\/\/contractworkplaces.com\/site\/","name":"WOW - World Of Work by Contract Workplaces","description":"Magazine","publisher":{"@id":"https:\/\/contractworkplaces.com\/site\/#organization"},"potentialAction":[{"@type":"SearchAction","target":{"@type":"EntryPoint","urlTemplate":"https:\/\/contractworkplaces.com\/site\/?s={search_term_string}"},"query-input":"required name=search_term_string"}],"inLanguage":"es-AR"},{"@type":"Organization","@id":"https:\/\/contractworkplaces.com\/site\/#organization","name":"WOW - World Of Work by Contract Workplaces","url":"https:\/\/contractworkplaces.com\/site\/","logo":{"@type":"ImageObject","inLanguage":"es-AR","@id":"https:\/\/contractworkplaces.com\/site\/#\/schema\/logo\/image\/","url":"https:\/\/contractworkplaces.com\/site\/wp-content\/uploads\/2023\/01\/WOW.png","contentUrl":"https:\/\/contractworkplaces.com\/site\/wp-content\/uploads\/2023\/01\/WOW.png","width":1200,"height":630,"caption":"WOW - World Of Work by Contract Workplaces"},"image":{"@id":"https:\/\/contractworkplaces.com\/site\/#\/schema\/logo\/image\/"}}]}},"_links":{"self":[{"href":"https:\/\/contractworkplaces.com\/site\/wp-json\/wp\/v2\/fm_magazine\/7206"}],"collection":[{"href":"https:\/\/contractworkplaces.com\/site\/wp-json\/wp\/v2\/fm_magazine"}],"about":[{"href":"https:\/\/contractworkplaces.com\/site\/wp-json\/wp\/v2\/types\/fm_magazine"}],"up":[{"embeddable":true,"href":"https:\/\/contractworkplaces.com\/site\/wp-json\/wp\/v2\/fm_magazine\/7128"}],"wp:featuredmedia":[{"embeddable":true,"href":"https:\/\/contractworkplaces.com\/site\/wp-json\/wp\/v2\/media\/7208"}],"wp:attachment":[{"href":"https:\/\/contractworkplaces.com\/site\/wp-json\/wp\/v2\/media?parent=7206"}],"wp:term":[{"taxonomy":"fm_magazine_cat","embeddable":true,"href":"https:\/\/contractworkplaces.com\/site\/wp-json\/wp\/v2\/fm_magazine_cat?post=7206"}],"curies":[{"name":"wp","href":"https:\/\/api.w.org\/{rel}","templated":true}]}}