{"id":7185,"date":"2023-06-01T03:34:00","date_gmt":"2023-06-01T06:34:00","guid":{"rendered":"https:\/\/contractworkplaces.com\/site\/?post_type=fm_magazine&#038;p=7185"},"modified":"2023-07-01T11:05:48","modified_gmt":"2023-07-01T14:05:48","slug":"aprendizaje-emociones-y-espacio","status":"publish","type":"fm_magazine","link":"https:\/\/contractworkplaces.com\/site\/revista\/109-mayo-2023\/aprendizaje-emociones-y-espacio\/","title":{"rendered":"Aprendizaje, emociones y espacio"},"content":{"rendered":"\n<p>Hace poco tuve la oportunidad de conocer la historia de un docente que, cansado de lidiar con la insaciable curiosidad de un peque\u00f1o estudiante, solicit\u00f3 a los padres del ni\u00f1o que lo controlasen y le \u201cense\u00f1en\u201d a no ser tan intenso en su af\u00e1n por comprender el mundo. Este caso real es emblem\u00e1tico ya que cualquiera que haya estudiado en un ambiente tradicional puede identificarse con la situaci\u00f3n de este peque\u00f1o investigador.<\/p>\n\n\n\n<p>En 2006, el famoso activista y especialista en educaci\u00f3n, Sir Ken Robinson, encontr\u00f3 una manera de visibilizar esta realidad en su conferencia \u201cLa escuela mata la creatividad\u201d<sup><a href=\"#sdfootnote1sym\"><sup>1<\/sup><\/a><\/sup> \u2013una de las charlas TED m\u00e1s vistas en la historia\u2013 en la que critica el hecho de que en muchas instituciones educativas no se da cabida a la curiosidad, a nuevas preguntas y, por lo tanto, a nuevas respuestas y nuevas ideas. Cuanto m\u00e1s conocemos sobre el cerebro, m\u00e1s podemos entender por qu\u00e9 la educaci\u00f3n exclusivamente memor\u00edstica centrada en repetir contenido en un ambiente de tensi\u00f3n y silencio no rinde los frutos esperados y \u201cmata la creatividad\u201d.<\/p>\n\n\n\n<p>Existen pruebas cient\u00edficas que demuestran que la atenci\u00f3n no es algo que se pueda exigir. La curiosidad es la emoci\u00f3n que, de manera natural, genera atenci\u00f3n en el ser humano y con esto, la posibilidad de conocer aquello que le resulta novedoso y estimulante. Si la informaci\u00f3n tiene un significado para el aprendiz, lo aprendido va a grabarse en su memoria y servir\u00e1 de precedente para construir nuevos y m\u00e1s sofisticados conocimientos.<\/p>\n\n\n\n<p>En uno de sus libros, Francisco Mora nos recuerda que \u201cestudios recientes muestran que la adquisici\u00f3n de conocimientos, el llegar a conocer aquello que se busca con el estudio y el aprendizaje, comparte sustratos neurales con otras conductas que incitan la b\u00fasqueda de agua, alimento o sexo; es decir, lo hed\u00f3nicamente placentero\u201d<sup><a href=\"#sdfootnote2sym\"><sup>2<\/sup><\/a><\/sup>.<\/p>\n\n\n\n<p>Entonces, si aprender est\u00e1 relacionado con conductas de supervivencia, \u00bfpor qu\u00e9 existen contenidos que nos ense\u00f1aron pero que jam\u00e1s aprendimos? o \u00bfpor qu\u00e9 despu\u00e9s de a\u00f1os de escuela, colegio o universidad no podemos recordar nada? La respuesta nos la da la neurociencia y es relativamente simple: los contextos de aprendizaje que generan emociones negativas bloquean nuestra capacidad de aprender. El cerebro emocional (am\u00edgdala e hipocampo) nos prepara para prestar atenci\u00f3n y defendernos del peligro (f\u00edsico o emocional); as\u00ed, ante una situaci\u00f3n que nos causa ansiedad, la mente busca aplacar dicha sensaci\u00f3n sobre cualquier otro requerimiento y, por lo tanto, no deja espacio para el aprendizaje.<\/p>\n\n\n\n<p>Este descubrimiento representa un verdadero desaf\u00edo y, a la vez, la posibilidad de explorar nuevas maneras de pensar el sistema educativo. Por ejemplo: hoy en d\u00eda la <em>gamificaci\u00f3n<\/em> es cada vez m\u00e1s utilizada dentro de las pr\u00e1cticas de ense\u00f1anza, lo mismo que el resolver problemas existentes en la vida real, bajo la metodolog\u00eda de Aprendizaje Basado en Proyectos (ABP), misma que estimula la curiosidad y distintas maneras de concebir el mundo.<\/p>\n\n\n\n<p>Cada nuevo aprendizaje genera millones de conexiones en el cerebro sobre las que se construir\u00e1n futuros conocimientos. En este proceso, el docente ejerce como un mediador que, planteando las variables y preguntas adecuadas, estimular\u00e1 la conexi\u00f3n entre lo que el estudiante ya conoce y su potencial de aprender algo nuevo. Es lo que Vigotsky llama \u201candamiaje y zona de desarrollo pr\u00f3ximo\u201d.<\/p>\n\n\n\n<p>Con todo esto queda claro que la metodolog\u00eda educativa debe ser transformada si queremos generar emociones que estimulen el aprendizaje. Y, en este contexto, junto con la relaci\u00f3n docente-estudiantes es imprescindible incluir el innegable impacto del espacio f\u00edsico en el desarrollo de nuevas destrezas y conocimientos.<\/p>\n\n\n\n<p>Las neurociencias tambi\u00e9n han hecho su aporte en este terreno planteando algunos interrogantes sobre la influencia que tienen las caracter\u00edsticas del entorno educativo en el cerebro de los estudiantes durante las distintas etapas de su desarrollo. Por ejemplo, \u00bfla luz natural ayuda a los procesos cognitivos?, \u00bfel dise\u00f1o de los espacios de aprendizaje puede afectar la capacidad de atenci\u00f3n y an\u00e1lisis?, \u00bfcontribuir\u00e1n las condiciones ac\u00fasticas a mejorar la concentraci\u00f3n? Afortunadamente, hay algunas respuestas.<\/p>\n\n\n\n<div style=\"height:23px\" aria-hidden=\"true\" class=\"wp-block-spacer\"><\/div>\n\n\n\n<h4 class=\"wp-block-heading\"><strong>Dise\u00f1ando para una mejor educaci\u00f3n<\/strong><\/h4>\n\n\n\n<p>Los estudios que investigan la relaci\u00f3n entre los entornos educativos y su impacto en los estudiantes han demostrado que, definitivamente, el dise\u00f1o puede influir en el aprendizaje. Los elementos arquitect\u00f3nicos tales como la luz, las texturas o la forma espacial son capaces de afectarnos provocando reacciones emocionales que intervienen en el modo en que retenemos la informaci\u00f3n y, por ende, de modificar nuestra predisposici\u00f3n a aprender.<\/p>\n\n\n\n<p>Basados en las neurociencias, estos son algunos de los criterios que deber\u00edamos tomar en cuenta para crear entornos positivos para la educaci\u00f3n:<\/p>\n\n\n\n<p>\u279e <strong>Morfolog\u00eda.<\/strong> La configuraci\u00f3n del espacio tambi\u00e9n puede proporcionar disparadores sensoriales. Se sabe que las formas curvas o redondeadas son m\u00e1s relajantes frente a las siluetas afiladas. Esto se debe a que las \u00e1reas cerebrales involucradas en el procesamiento del miedo y la excitaci\u00f3n emocional se activan ante los objetos con \u00e1ngulos agudos y cortantes<sup><a href=\"#sdfootnote3sym\"><sup>3<\/sup><\/a><\/sup>. De esto se desprende que las formas angulares benefician el estado de alerta y la concentraci\u00f3n mientras que las suaves y redondeadas pueden reducir el estr\u00e9s y la fatiga cognitiva.<\/p>\n\n\n\n<p>Otras investigaciones han demostrado que los techos altos alientan a pensar con mayor libertad y creatividad mientras que la sensaci\u00f3n de confinamiento provocada por los techos bajos puede inspirar una perspectiva m\u00e1s detallada y con mayor enfoque<sup><a href=\"#sdfootnote4sym\"><sup>4<\/sup><\/a><\/sup>.<\/p>\n\n\n\n<p>\u279e <strong>Color y texturas.<\/strong> El color funciona como un sistema de signos que pueden evocar estados de \u00e1nimo. Por ejemplo: la <em>saturaci\u00f3n<\/em> de un color (cantidad de pigmento) afecta el sentimiento de entusiasmo mientras que su <em>valor<\/em> (brillo e iluminaci\u00f3n) influye en la relajaci\u00f3n. El nivel emocional producido por un color tambi\u00e9n est\u00e1 directamente relacionado con su <em>temperatura<\/em>. Los colores fr\u00edos pueden mejorar la memoria y la atenci\u00f3n, mientras que los c\u00e1lidos producen una fuerte estimulaci\u00f3n y el aumento de la liberaci\u00f3n de adrenalina en el cerebro. Se ha visto que el uso de combinaciones de colores de alto contraste podr\u00eda mejorar la memoria espacial.<\/p>\n\n\n\n<p>John P. Eberhard sugiere que los espacios de aprendizaje se deben dise\u00f1ar con una variedad de formas y colores, junto con texturas ricas y estimulantes accesibles al tacto<sup><a href=\"#sdfootnote5sym\"><sup>5<\/sup><\/a><\/sup>. Esto es especialmente importante para el desarrollo de los ni\u00f1os peque\u00f1os.<\/p>\n\n\n\n<p>\u279e <strong>Est\u00edmulos sensoriales<\/strong>. Nuestros sentidos son esenciales para percibir el mundo que nos rodea. Dado que nuestro cerebro se desarroll\u00f3 en un entorno multisensorial, se podr\u00eda decir que las habilidades de aprendizaje mejoran con los est\u00edmulos sensoriales.<\/p>\n\n\n\n<p>No obstante, tanto la monoton\u00eda como la sobreestimulaci\u00f3n pueden desencadenar estados disfuncionales. Los entornos poco estimulantes (baja intensidad de colores, armon\u00edas monocrom\u00e1ticas, contrastes d\u00e9biles, sin ruido de fondo, etc.) pueden provocar inquietud y dificultades de concentraci\u00f3n. Pero, si el est\u00edmulo es excesivo (colores muy vibrantes, formas muy complejas, exceso de ruido) puede provocar estr\u00e9s. Y si el estr\u00e9s es demasiado severo o demasiado prolongado comienza a da\u00f1ar el aprendizaje. Las personas estresadas tienen menos memoria y dificultades para concentrarse<sup><a href=\"#sdfootnote6sym\"><sup>6<\/sup><\/a><\/sup>.<\/p>\n\n\n\n<p>\u279e <strong>Iluminaci\u00f3n.<\/strong> La luz natural mejora el aprendizaje y tiende a aumentar la conciencia de los estudiantes. Tambi\u00e9n es sabido que el color de la luz cumple un rol importante en la regulaci\u00f3n de los ciclos biol\u00f3gicos m\u00e1s all\u00e1 de la visi\u00f3n: mientras que la luz azulada de la ma\u00f1ana tiene un efecto activador (de alerta y de atenci\u00f3n), el rojo del atardecer resulta relajante.<\/p>\n\n\n\n<p>\u279e <strong>Ac\u00fastica. <\/strong>Hablar y escuchar son los principales modos de comunicaci\u00f3n en la mayor\u00eda de los entornos educativos. Por lo tanto, los niveles de ruido y los tiempos de reverberaci\u00f3n de estos espacios deben ser tales que el habla resulte inteligible.<\/p>\n\n\n\n<p>\u279e <strong>Temperatura. <\/strong>La temperatura del ambiente tambi\u00e9n puede afectar la atenci\u00f3n. Un ambiente demasiado caluroso o demasiado fr\u00edo disminuir\u00e1 la capacidad para concentrarse y mantener la atenci\u00f3n.<\/p>\n\n\n\n<p>\u279e <strong>Calidad del aire interior.<\/strong> La concentraci\u00f3n elevada de CO<sub>2<\/sub> en el aire interior es un indicador de contaminaci\u00f3n debido a su efecto potencial sobre la funci\u00f3n cognitiva y se deriva principalmente de una ventilaci\u00f3n insuficiente. El aumento de los niveles de este gas conduce a una disminuci\u00f3n de aproximadamente un 5% en la capacidad de atenci\u00f3n y la memoria, las cuales mejoran cuando aumenta la tasa de ventilaci\u00f3n<sup><a href=\"#sdfootnote7sym\"><sup>7<\/sup><\/a><\/sup>.<\/p>\n\n\n\n<p>\u279e <strong>Contacto con la naturaleza.<\/strong> Los espacios verdes, las plantas, los muros vegetales, los estanques, etc., pueden promover la recuperaci\u00f3n de la fatiga mental derivada de una atenci\u00f3n prolongada, dirigida y con esfuerzo. Los beneficios fisiol\u00f3gicos que proporcionan estos elementos est\u00e1n asociados con una reducci\u00f3n del cortisol, la hormona del estr\u00e9s<sup><a href=\"#sdfootnote8sym\"><sup>8<\/sup><\/a><\/sup>. A trav\u00e9s del dise\u00f1o tambi\u00e9n se pueden evocar las formas de la naturaleza para activar un efecto restaurador con similar eficacia. Las fotograf\u00edas, pinturas, murales, videos o simulaciones por computadora de la naturaleza pueden ser sustitutos efectivos.<\/p>\n\n\n\n<div style=\"height:26px\" aria-hidden=\"true\" class=\"wp-block-spacer\"><\/div>\n\n\n\n<hr class=\"wp-block-separator\"\/>\n\n\n\n<p style=\"font-size:14px\">*M\u00f3nica Torres dirige Recreo, la divisi\u00f3n de educaci\u00f3n de Contract Workplaces, en su car\u00e1cter de experta en innovaci\u00f3n organizacional y pedag\u00f3gica. Es conferencista, investigadora y especialista en integrar las modernas metodolog\u00edas educativas con la arquitectura para construir espacios de aprendizaje alineados con las nuevas tendencias. Adem\u00e1s, se desempe\u00f1a como Gerente de Desarrollo de Negocios &amp; Consultor\u00eda de la compa\u00f1\u00eda en Ecuador.<\/p>\n\n\n\n<hr class=\"wp-block-separator\"\/>\n\n\n\n<p style=\"font-size:14px\">Referencias:<\/p>\n\n\n\n<p style=\"font-size:14px\"><a href=\"#sdfootnote1anc\">1<\/a> ROBINSON, K. (2006): \u201c<em>Las escuelas matan la creatividad<\/em>\u201d TED Conferences. <a href=\"https:\/\/www.youtube.com\/watch?v=iG9CE55wbtY\"><u>https:\/\/www.youtube.com\/watch?v=iG9CE55wbtY<\/u><\/a><\/p>\n\n\n\n<p style=\"font-size:14px\"><a href=\"#sdfootnote2anc\">2<\/a> MORA TERUEL, F. (2017): \u201c<em>Neuroeducaci\u00f3n: solo se puede aprender aquello que se ama<\/em>\u201d. Segunda Edici\u00f3n. Alianza Editorial. Madrid, Espa\u00f1a.<\/p>\n\n\n\n<p style=\"font-size:14px\"><a href=\"#sdfootnote3anc\">3<\/a> BAR, M. &amp; NETA, M. (2006): \u201c<em>Humans prefer curved visual objects<\/em>\u201d. Psychological Science.<\/p>\n\n\n\n<p style=\"font-size:14px\"><a href=\"#sdfootnote4anc\">4<\/a> LLORENS-G\u00c1MEZ, M. et al. (2021): \u201c<em>The impact of the design of learning spaces on attention and memory from a neuroarchitectural approach: A systematic review<\/em>\u201d.<\/p>\n\n\n\n<p style=\"font-size:14px\"><a href=\"#sdfootnote5anc\">5<\/a> EBERHARD, J. P. (2009): \u201c<em>Brain Landscape: The Coexistence of Neuroscience and Architecture<\/em>\u201d.<\/p>\n\n\n\n<p style=\"font-size:14px\"><a href=\"#sdfootnote6anc\">6<\/a> MEDINA, J. (2008): \u201c<em>Brain Rules: 12 Principles for Surviving and Thriving at Work, Home and School<\/em>\u201d.<\/p>\n\n\n\n<p style=\"font-size:14px\"><a href=\"#sdfootnote7anc\">7<\/a> WANG, C. et al. (2021): \u201c<em>How Indoor Environmental Quality Affects Occupants\u2019 Cognitive Functions: A Systematic Review<\/em>\u201d.<\/p>\n\n\n\n<p style=\"font-size:14px\"><a href=\"#sdfootnote8anc\">8<\/a> ROE, J. et al. (2013): \u201c<em>Green space and stress: Evidence from cortisol measures in deprived urban communities<\/em>\u201d. International Journal of Environmental Research and Public Health.<\/p>\n\n\n\n<hr class=\"wp-block-separator\"\/>\n","protected":false},"featured_media":7186,"parent":7128,"menu_order":0,"template":"","fm_magazine_cat":[],"yoast_head":"<!-- This site is optimized with the Yoast SEO plugin v22.7 - https:\/\/yoast.com\/wordpress\/plugins\/seo\/ -->\n<title>Aprendizaje, emociones y espacio - WOW - World Of Work by Contract Workplaces<\/title>\n<meta name=\"robots\" content=\"index, follow, max-snippet:-1, max-image-preview:large, max-video-preview:-1\" \/>\n<link rel=\"canonical\" href=\"https:\/\/contractworkplaces.com\/site\/revista\/109-mayo-2023\/aprendizaje-emociones-y-espacio\/\" \/>\n<meta property=\"og:locale\" content=\"es_ES\" \/>\n<meta property=\"og:type\" content=\"article\" \/>\n<meta property=\"og:title\" content=\"Aprendizaje, emociones y espacio - WOW - World Of Work by Contract Workplaces\" \/>\n<meta property=\"og:description\" content=\"Hace poco tuve la oportunidad de conocer la historia de un docente que, cansado de lidiar con la insaciable curiosidad de un peque\u00f1o estudiante, solicit\u00f3 a los padres del ni\u00f1o que lo controlasen y le \u201cense\u00f1en\u201d a no ser tan intenso en su af\u00e1n por comprender el mundo. Este caso real es emblem\u00e1tico ya que [&hellip;]\" \/>\n<meta property=\"og:url\" content=\"https:\/\/contractworkplaces.com\/site\/revista\/109-mayo-2023\/aprendizaje-emociones-y-espacio\/\" \/>\n<meta property=\"og:site_name\" content=\"WOW - World Of Work by Contract Workplaces\" \/>\n<meta property=\"article:modified_time\" content=\"2023-07-01T14:05:48+00:00\" \/>\n<meta property=\"og:image\" content=\"https:\/\/contractworkplaces.com\/site\/wp-content\/uploads\/2023\/05\/Neuroeducacion_440x380.jpg\" \/>\n\t<meta property=\"og:image:width\" content=\"380\" \/>\n\t<meta property=\"og:image:height\" content=\"440\" \/>\n\t<meta property=\"og:image:type\" content=\"image\/jpeg\" \/>\n<meta name=\"twitter:card\" content=\"summary_large_image\" \/>\n<meta name=\"twitter:label1\" content=\"Tiempo de lectura\" \/>\n\t<meta name=\"twitter:data1\" content=\"9 minutos\" \/>\n<script type=\"application\/ld+json\" class=\"yoast-schema-graph\">{\"@context\":\"https:\/\/schema.org\",\"@graph\":[{\"@type\":\"WebPage\",\"@id\":\"https:\/\/contractworkplaces.com\/site\/revista\/109-mayo-2023\/aprendizaje-emociones-y-espacio\/\",\"url\":\"https:\/\/contractworkplaces.com\/site\/revista\/109-mayo-2023\/aprendizaje-emociones-y-espacio\/\",\"name\":\"Aprendizaje, emociones y espacio - WOW - World Of Work by Contract Workplaces\",\"isPartOf\":{\"@id\":\"https:\/\/contractworkplaces.com\/site\/#website\"},\"primaryImageOfPage\":{\"@id\":\"https:\/\/contractworkplaces.com\/site\/revista\/109-mayo-2023\/aprendizaje-emociones-y-espacio\/#primaryimage\"},\"image\":{\"@id\":\"https:\/\/contractworkplaces.com\/site\/revista\/109-mayo-2023\/aprendizaje-emociones-y-espacio\/#primaryimage\"},\"thumbnailUrl\":\"https:\/\/contractworkplaces.com\/site\/wp-content\/uploads\/2023\/05\/Neuroeducacion_440x380.jpg\",\"datePublished\":\"2023-06-01T06:34:00+00:00\",\"dateModified\":\"2023-07-01T14:05:48+00:00\",\"breadcrumb\":{\"@id\":\"https:\/\/contractworkplaces.com\/site\/revista\/109-mayo-2023\/aprendizaje-emociones-y-espacio\/#breadcrumb\"},\"inLanguage\":\"es-AR\",\"potentialAction\":[{\"@type\":\"ReadAction\",\"target\":[\"https:\/\/contractworkplaces.com\/site\/revista\/109-mayo-2023\/aprendizaje-emociones-y-espacio\/\"]}]},{\"@type\":\"ImageObject\",\"inLanguage\":\"es-AR\",\"@id\":\"https:\/\/contractworkplaces.com\/site\/revista\/109-mayo-2023\/aprendizaje-emociones-y-espacio\/#primaryimage\",\"url\":\"https:\/\/contractworkplaces.com\/site\/wp-content\/uploads\/2023\/05\/Neuroeducacion_440x380.jpg\",\"contentUrl\":\"https:\/\/contractworkplaces.com\/site\/wp-content\/uploads\/2023\/05\/Neuroeducacion_440x380.jpg\",\"width\":380,\"height\":440},{\"@type\":\"BreadcrumbList\",\"@id\":\"https:\/\/contractworkplaces.com\/site\/revista\/109-mayo-2023\/aprendizaje-emociones-y-espacio\/#breadcrumb\",\"itemListElement\":[{\"@type\":\"ListItem\",\"position\":1,\"name\":\"Inicio\",\"item\":\"https:\/\/contractworkplaces.com\/site\/\"},{\"@type\":\"ListItem\",\"position\":2,\"name\":\"Revistas\",\"item\":\"https:\/\/contractworkplaces.com\/site\/revistas\/\"},{\"@type\":\"ListItem\",\"position\":3,\"name\":\"#109 | Mayo 2023\",\"item\":\"https:\/\/contractworkplaces.com\/site\/revista\/109-mayo-2023\/\"},{\"@type\":\"ListItem\",\"position\":4,\"name\":\"Aprendizaje, emociones y espacio\"}]},{\"@type\":\"WebSite\",\"@id\":\"https:\/\/contractworkplaces.com\/site\/#website\",\"url\":\"https:\/\/contractworkplaces.com\/site\/\",\"name\":\"WOW - World Of Work by Contract Workplaces\",\"description\":\"Magazine\",\"publisher\":{\"@id\":\"https:\/\/contractworkplaces.com\/site\/#organization\"},\"potentialAction\":[{\"@type\":\"SearchAction\",\"target\":{\"@type\":\"EntryPoint\",\"urlTemplate\":\"https:\/\/contractworkplaces.com\/site\/?s={search_term_string}\"},\"query-input\":\"required name=search_term_string\"}],\"inLanguage\":\"es-AR\"},{\"@type\":\"Organization\",\"@id\":\"https:\/\/contractworkplaces.com\/site\/#organization\",\"name\":\"WOW - World Of Work by Contract Workplaces\",\"url\":\"https:\/\/contractworkplaces.com\/site\/\",\"logo\":{\"@type\":\"ImageObject\",\"inLanguage\":\"es-AR\",\"@id\":\"https:\/\/contractworkplaces.com\/site\/#\/schema\/logo\/image\/\",\"url\":\"https:\/\/contractworkplaces.com\/site\/wp-content\/uploads\/2023\/01\/WOW.png\",\"contentUrl\":\"https:\/\/contractworkplaces.com\/site\/wp-content\/uploads\/2023\/01\/WOW.png\",\"width\":1200,\"height\":630,\"caption\":\"WOW - World Of Work by Contract Workplaces\"},\"image\":{\"@id\":\"https:\/\/contractworkplaces.com\/site\/#\/schema\/logo\/image\/\"}}]}<\/script>\n<!-- \/ Yoast SEO plugin. -->","yoast_head_json":{"title":"Aprendizaje, emociones y espacio - WOW - World Of Work by Contract Workplaces","robots":{"index":"index","follow":"follow","max-snippet":"max-snippet:-1","max-image-preview":"max-image-preview:large","max-video-preview":"max-video-preview:-1"},"canonical":"https:\/\/contractworkplaces.com\/site\/revista\/109-mayo-2023\/aprendizaje-emociones-y-espacio\/","og_locale":"es_ES","og_type":"article","og_title":"Aprendizaje, emociones y espacio - WOW - World Of Work by Contract Workplaces","og_description":"Hace poco tuve la oportunidad de conocer la historia de un docente que, cansado de lidiar con la insaciable curiosidad de un peque\u00f1o estudiante, solicit\u00f3 a los padres del ni\u00f1o que lo controlasen y le \u201cense\u00f1en\u201d a no ser tan intenso en su af\u00e1n por comprender el mundo. Este caso real es emblem\u00e1tico ya que [&hellip;]","og_url":"https:\/\/contractworkplaces.com\/site\/revista\/109-mayo-2023\/aprendizaje-emociones-y-espacio\/","og_site_name":"WOW - World Of Work by Contract Workplaces","article_modified_time":"2023-07-01T14:05:48+00:00","og_image":[{"width":380,"height":440,"url":"https:\/\/contractworkplaces.com\/site\/wp-content\/uploads\/2023\/05\/Neuroeducacion_440x380.jpg","type":"image\/jpeg"}],"twitter_card":"summary_large_image","twitter_misc":{"Tiempo de lectura":"9 minutos"},"schema":{"@context":"https:\/\/schema.org","@graph":[{"@type":"WebPage","@id":"https:\/\/contractworkplaces.com\/site\/revista\/109-mayo-2023\/aprendizaje-emociones-y-espacio\/","url":"https:\/\/contractworkplaces.com\/site\/revista\/109-mayo-2023\/aprendizaje-emociones-y-espacio\/","name":"Aprendizaje, emociones y espacio - WOW - World Of Work by Contract Workplaces","isPartOf":{"@id":"https:\/\/contractworkplaces.com\/site\/#website"},"primaryImageOfPage":{"@id":"https:\/\/contractworkplaces.com\/site\/revista\/109-mayo-2023\/aprendizaje-emociones-y-espacio\/#primaryimage"},"image":{"@id":"https:\/\/contractworkplaces.com\/site\/revista\/109-mayo-2023\/aprendizaje-emociones-y-espacio\/#primaryimage"},"thumbnailUrl":"https:\/\/contractworkplaces.com\/site\/wp-content\/uploads\/2023\/05\/Neuroeducacion_440x380.jpg","datePublished":"2023-06-01T06:34:00+00:00","dateModified":"2023-07-01T14:05:48+00:00","breadcrumb":{"@id":"https:\/\/contractworkplaces.com\/site\/revista\/109-mayo-2023\/aprendizaje-emociones-y-espacio\/#breadcrumb"},"inLanguage":"es-AR","potentialAction":[{"@type":"ReadAction","target":["https:\/\/contractworkplaces.com\/site\/revista\/109-mayo-2023\/aprendizaje-emociones-y-espacio\/"]}]},{"@type":"ImageObject","inLanguage":"es-AR","@id":"https:\/\/contractworkplaces.com\/site\/revista\/109-mayo-2023\/aprendizaje-emociones-y-espacio\/#primaryimage","url":"https:\/\/contractworkplaces.com\/site\/wp-content\/uploads\/2023\/05\/Neuroeducacion_440x380.jpg","contentUrl":"https:\/\/contractworkplaces.com\/site\/wp-content\/uploads\/2023\/05\/Neuroeducacion_440x380.jpg","width":380,"height":440},{"@type":"BreadcrumbList","@id":"https:\/\/contractworkplaces.com\/site\/revista\/109-mayo-2023\/aprendizaje-emociones-y-espacio\/#breadcrumb","itemListElement":[{"@type":"ListItem","position":1,"name":"Inicio","item":"https:\/\/contractworkplaces.com\/site\/"},{"@type":"ListItem","position":2,"name":"Revistas","item":"https:\/\/contractworkplaces.com\/site\/revistas\/"},{"@type":"ListItem","position":3,"name":"#109 | Mayo 2023","item":"https:\/\/contractworkplaces.com\/site\/revista\/109-mayo-2023\/"},{"@type":"ListItem","position":4,"name":"Aprendizaje, emociones y espacio"}]},{"@type":"WebSite","@id":"https:\/\/contractworkplaces.com\/site\/#website","url":"https:\/\/contractworkplaces.com\/site\/","name":"WOW - World Of Work by Contract Workplaces","description":"Magazine","publisher":{"@id":"https:\/\/contractworkplaces.com\/site\/#organization"},"potentialAction":[{"@type":"SearchAction","target":{"@type":"EntryPoint","urlTemplate":"https:\/\/contractworkplaces.com\/site\/?s={search_term_string}"},"query-input":"required name=search_term_string"}],"inLanguage":"es-AR"},{"@type":"Organization","@id":"https:\/\/contractworkplaces.com\/site\/#organization","name":"WOW - World Of Work by Contract Workplaces","url":"https:\/\/contractworkplaces.com\/site\/","logo":{"@type":"ImageObject","inLanguage":"es-AR","@id":"https:\/\/contractworkplaces.com\/site\/#\/schema\/logo\/image\/","url":"https:\/\/contractworkplaces.com\/site\/wp-content\/uploads\/2023\/01\/WOW.png","contentUrl":"https:\/\/contractworkplaces.com\/site\/wp-content\/uploads\/2023\/01\/WOW.png","width":1200,"height":630,"caption":"WOW - World Of Work by Contract Workplaces"},"image":{"@id":"https:\/\/contractworkplaces.com\/site\/#\/schema\/logo\/image\/"}}]}},"_links":{"self":[{"href":"https:\/\/contractworkplaces.com\/site\/wp-json\/wp\/v2\/fm_magazine\/7185"}],"collection":[{"href":"https:\/\/contractworkplaces.com\/site\/wp-json\/wp\/v2\/fm_magazine"}],"about":[{"href":"https:\/\/contractworkplaces.com\/site\/wp-json\/wp\/v2\/types\/fm_magazine"}],"up":[{"embeddable":true,"href":"https:\/\/contractworkplaces.com\/site\/wp-json\/wp\/v2\/fm_magazine\/7128"}],"wp:featuredmedia":[{"embeddable":true,"href":"https:\/\/contractworkplaces.com\/site\/wp-json\/wp\/v2\/media\/7186"}],"wp:attachment":[{"href":"https:\/\/contractworkplaces.com\/site\/wp-json\/wp\/v2\/media?parent=7185"}],"wp:term":[{"taxonomy":"fm_magazine_cat","embeddable":true,"href":"https:\/\/contractworkplaces.com\/site\/wp-json\/wp\/v2\/fm_magazine_cat?post=7185"}],"curies":[{"name":"wp","href":"https:\/\/api.w.org\/{rel}","templated":true}]}}