{"id":27731,"date":"2026-09-01T10:20:07","date_gmt":"2026-09-01T13:20:07","guid":{"rendered":"https:\/\/contractworkplaces.com\/site\/?post_type=fm_magazine&#038;p=27731"},"modified":"2026-09-01T10:20:07","modified_gmt":"2026-09-01T13:20:07","slug":"integracion-fisica-en-fusiones-y-adquisiciones","status":"publish","type":"fm_magazine","link":"https:\/\/contractworkplaces.com\/site\/revista\/129-septiembre-2026\/integracion-fisica-en-fusiones-y-adquisiciones\/","title":{"rendered":"Integraci\u00f3n f\u00edsica en fusiones y adquisiciones"},"content":{"rendered":"\n<p>Con la recuperaci\u00f3n econ\u00f3mica tras la pandemia, las fusiones y adquisiciones corporativas (M&amp;A) han registrado un aumento sostenido. En Am\u00e9rica Latina, la tendencia mantiene un elevado nivel de actividad y anticipa un panorama favorable a corto plazo.<\/p>\n\n\n\n<p>Uno de los principales impulsores de este incremento es el inter\u00e9s por industrias con alto potencial de expansi\u00f3n tales como la tecnolog\u00eda, los servicios financieros y la infraestructura. En particular, el sector de energ\u00eda, petr\u00f3leo y gas ha demostrado ser un importante catalizador y representa cerca de un tercio de las operaciones en mercados como la Argentina<a href=\"#sdfootnote1sym\" id=\"sdfootnote1anc\"><sup>1<\/sup><\/a>.<\/p>\n\n\n\n<p>Este volumen de actividad tiene un impacto directo en el mercado del Real Estate corporativo. En las operaciones de M&amp;A, el portfolio inmobiliario suele representar entre el 25% y el 30% de la inversi\u00f3n inicial y es frecuentemente el segundo o tercer gasto m\u00e1s importante en el balance<a href=\"#sdfootnote2sym\" id=\"sdfootnote2anc\"><sup>2<\/sup><\/a>. Sin embargo, a pesar de su peso financiero, suele quedar relegado a un segundo plano frente a otros aspectos del acuerdo, lo que lleva a perder oportunidades para maximizar el valor de la inversi\u00f3n.<\/p>\n\n\n\n<h2 class=\"wp-block-heading\" style=\"font-size:30px\">El desaf\u00edo estrat\u00e9gico de la integraci\u00f3n f\u00edsica<\/h2>\n\n\n\n<p>Incorporar y gestionar de forma conjunta los activos inmobiliarios tras una adquisici\u00f3n representa uno de los mayores desaf\u00edos estrat\u00e9gicos para las empresas. \u00bfC\u00f3mo integrarse sin duplicar costos ni fragmentar la cultura? El desaf\u00edo consiste en decidir qu\u00e9 oficinas conservar, cu\u00e1les consolidar y de qu\u00e9 manera acompa\u00f1ar culturas diferentes.<\/p>\n\n\n\n<p>En este contexto, el nuevo portfolio puede actuar como una reserva de capital o, por el contrario, como una fuente de dificultades imprevistas. Una integraci\u00f3n provechosa no consiste en reducir metros cuadrados, sino en transformar el espacio f\u00edsico en una herramienta de crecimiento y un factor de cohesi\u00f3n cultural. La clave reside en la alineaci\u00f3n de la estrategia inmobiliaria con los objetivos de la organizaci\u00f3n.<\/p>\n\n\n\n<p>Cuando dos empresas se fusionan, sus necesidades espaciales cambian debido a la duplicaci\u00f3n de funciones y a la aparici\u00f3n de nuevas estructuras jer\u00e1rquicas. Sin una visi\u00f3n clara desde el inicio, se corre el riesgo de renovar contratos de alquiler innecesarios o de invertir en mejoras de edificios que no cumplen con los est\u00e1ndares de la nueva organizaci\u00f3n.<\/p>\n\n\n\n<p>Para evitar costos innecesarios, es preciso realizar un inventario exhaustivo que debe incluir no solo la ubicaci\u00f3n y el valor de cada sede, sino tambi\u00e9n el estado de las instalaciones, la utilizaci\u00f3n real de los espacios y la proximidad de los empleados a sus lugares de trabajo<a href=\"#sdfootnote3sym\" id=\"sdfootnote3anc\"><sup>3<\/sup><\/a>.<\/p>\n\n\n\n<h2 class=\"wp-block-heading\" style=\"font-size:30px\">Eficiencia espacial en modelos h\u00edbridos<\/h2>\n\n\n\n<p>Al evaluar el portfolio, tambi\u00e9n se deben considerar factores como la optimizaci\u00f3n de la ocupaci\u00f3n. Informes recientes destacan que en los modelos de trabajo h\u00edbrido, el objetivo de eficiencia ha cambiado debido a que la actual ocupaci\u00f3n media por d\u00eda alcanza el 53%, con picos de hasta el 80%<a href=\"#sdfootnote4sym\" id=\"sdfootnote4anc\"><sup>4<\/sup><\/a>. Seg\u00fan este mismo informe, en la mayor\u00eda de las empresas que han adoptado este paradigma, los ratios de asignaci\u00f3n pueden llegar hasta 1,49 personas por puesto, lo que permite un mayor aprovechamiento del espacio sin generar sobrecarga. Las oficinas que no puedan adaptarse a estos nuevos est\u00e1ndares son candidatas a la consolidaci\u00f3n o la disposici\u00f3n.<\/p>\n\n\n\n<p>La ubicaci\u00f3n tambi\u00e9n es fundamental. Si dos inmuebles se encuentran dentro de la misma \u00e1rea, se abre una oportunidad de consolidaci\u00f3n en la que el sitio m\u00e1s eficiente o con los t\u00e9rminos contractuales m\u00e1s favorables absorbe al otro. Asimismo, la reconfiguraci\u00f3n espacial dentro de los edificios existentes ayudar\u00e1 a optimizar la densidad y la eficiencia operativa.<\/p>\n\n\n\n<p>Solo mediante un proceso que combine el an\u00e1lisis de datos verificables con la visi\u00f3n estrat\u00e9gica del negocio, se pueden anticipar decisiones sobre qu\u00e9 edificios son activos estrat\u00e9gicos y cu\u00e1les son prescindibles.<\/p>\n\n\n\n<h2 class=\"wp-block-heading\" style=\"font-size:30px\">Herramientas para la optimizaci\u00f3n y sinergias de costos<\/h2>\n\n\n\n<p>La b\u00fasqueda de eficiencia financiera es una de las principales oportunidades de una integraci\u00f3n inmobiliaria exitosa. Las sinergias de costos en esta \u00e1rea pueden lograrse mediante distintas estrategias que permiten liberar el potencial de los activos que se adquieren en una operaci\u00f3n de M&amp;A, centrando los recursos en el crecimiento operativo en lugar de mantenerlos inmovilizados y generando gastos innecesarios:<\/p>\n\n\n\n<ul>\n<li><strong>Co<\/strong><strong>nsolid<\/strong><strong>aci\u00f3n. <\/strong>Este proceso es uno de los principales motores de las sinergias de costos. Combinar dos o m\u00e1s sedes en una sola ubicaci\u00f3n permite eliminar redundancias operativas y optimizar el uso del espacio tras una M&amp;A. Adem\u00e1s, la sede unificada act\u00faa como una plataforma para proyectar la nueva marca y visi\u00f3n de la empresa integrada, facilitando la interacci\u00f3n entre equipos que antes pertenec\u00edan a organizaciones distintas.<\/li>\n\n\n\n<li><em><strong>Benchmarking<\/strong><\/em><strong>.<\/strong> Comparar la eficiencia de los activos inmobiliarios puede revelar un valor oculto. El objetivo central es optimizar el costo por empleado, el rendimiento por metro cuadrado y el \u00edndice de ocupaci\u00f3n f\u00edsica real. Esto puede llevar a renegociar contratos de alquiler y servicios o modificar los modelos de trabajo para minimizar los costos.<\/li>\n\n\n\n<li><strong>Cierre de oficinas peque\u00f1as.<\/strong> Trasladar a equipos muy reducidos a esquemas de trabajo remoto total o a espacios de <em>coworking<\/em> ayuda a eliminar los gastos fijos de una sede f\u00edsica propia.<\/li>\n\n\n\n<li><em><strong>Sale-Leaseback<\/strong><\/em><strong>.<\/strong> Este mecanismo permite vender la propiedad a un inversor inmobiliario para liberar capital y financiar parte de la adquisici\u00f3n del negocio, mientras la empresa permanece en el lugar bajo un contrato de alquiler a largo plazo.<\/li>\n<\/ul>\n\n\n\n<p>La reestructuraci\u00f3n del patrimonio de oficinas tras una fusi\u00f3n o adquisici\u00f3n es una de las herramientas m\u00e1s eficientes para rentabilizar la operaci\u00f3n, aunque no est\u00e1 exenta de riesgos. Si bien permite eliminar gastos para amortizar la deuda o reinvertir en la actividad principal del negocio, tambi\u00e9n puede tener consecuencias e impactos internos. La p\u00e9rdida del espacio de trabajo habitual, la reubicaci\u00f3n geogr\u00e1fica de los empleados o la implantaci\u00f3n de nuevos modelos laborales pueden deteriorar el clima, provocar p\u00e9rdida de talento y generar fricciones culturales si la integraci\u00f3n f\u00edsica se gestiona como un mero recorte de costos.<\/p>\n\n\n\n<h2 class=\"wp-block-heading\" style=\"font-size:30px\">La cultura como pilar de la integraci\u00f3n f\u00edsica<\/h2>\n\n\n\n<p>La cultura organizacional incluye variables tales como el espacio de trabajo \u2013una de sus expresiones m\u00e1s visibles\u2013, el estilo de liderazgo, la estructura organizacional y la din\u00e1mica de los equipos.<\/p>\n\n\n\n<p>La integraci\u00f3n de la cultura es uno de los principales desaf\u00edos en los procesos de M&amp;A; tanto, que el 43% de los l\u00edderes identifica la alineaci\u00f3n organizacional y cultural como el aspecto m\u00e1s dif\u00edcil posterior a una fusi\u00f3n<a href=\"#sdfootnote5sym\" id=\"sdfootnote5anc\"><sup>5<\/sup><\/a>. En este sentido, el dise\u00f1o del espacio de trabajo se presenta como una gran herramienta para facilitar dicha integraci\u00f3n. En lugar de ser un simple contenedor, la oficina act\u00faa como el escenario donde ambas compa\u00f1\u00edas pueden forjar una nueva identidad compartida.<\/p>\n\n\n\n<p>Para que la transici\u00f3n sea exitosa, la organizaci\u00f3n debe fomentar un clima de confianza basado en la integridad, cumpliendo con las promesas realizadas durante la fase de negociaci\u00f3n y comunicando de manera transparente los cambios en las reglas de operaci\u00f3n. Un entorno funcional, sin fricci\u00f3n operativa y visualmente coherente tambi\u00e9n ayudar\u00e1 a mejorar el \u00e1nimo de los equipos y la retenci\u00f3n de talento durante el periodo de incertidumbre que sigue a cualquier cambio.<\/p>\n\n\n\n<p>En \u00faltima instancia, el \u00e9xito no se mide solo por los ahorros obtenidos, sino por la capacidad del nuevo entorno f\u00edsico para sostener el modelo de negocios y proyectar una identidad unificada hacia el interior de la organizaci\u00f3n y los mercados.<\/p>\n\n\n\n<p>La integraci\u00f3n del portfolio inmobiliario tras una fusi\u00f3n o adquisici\u00f3n trasciende lo meramente transaccional para convertirse en una oportunidad de creaci\u00f3n de valor y sostenibilidad del negocio a largo plazo. Cuando se gestiona con previsi\u00f3n estrat\u00e9gica, el Real Estate no solo contribuye al \u00e9xito financiero de la operaci\u00f3n, sino que tambi\u00e9n puede mejorar el desempe\u00f1o operativo y favorecer la construcci\u00f3n de una cultura compartida en la entidad resultante.<\/p>\n\n\n\n<hr class=\"wp-block-separator has-alpha-channel-opacity is-style-dots\"\/>\n\n\n\n<p class=\"has-small-font-size\">Referencias:<\/p>\n\n\n\n<p class=\"has-small-font-size\"><a id=\"sdfootnote1sym\" href=\"#sdfootnote1anc\">1<\/a> AQUINO, I. &amp; TRIPIER, J. (2026): \u201c<em>Fusiones &amp; Adquisiciones: Perspectivas en Argentina<\/em>\u201d. PwC Argentina.<\/p>\n\n\n\n<p class=\"has-small-font-size\"><a id=\"sdfootnote2sym\" href=\"#sdfootnote2anc\">2<\/a> LAMMOGLIA KIRSCH, G. (2022): \u201c<em>Merger &amp; Acquisition Real Estate Strategies for Global Companies, Introducing a New Way of Working After the COVID-19 Pandemic<\/em>\u201d .<\/p>\n\n\n\n<p class=\"has-small-font-size\"><a id=\"sdfootnote3sym\" href=\"#sdfootnote3anc\">3<\/a> LACHER, B., &amp; MACK, G. (2025): \u201cT<em>he importance of real estate portfolio optimization in M&amp;A transactions<\/em>\u201d.<\/p>\n\n\n\n<p class=\"has-small-font-size\"><a id=\"sdfootnote4sym\" href=\"#sdfootnote4anc\">4<\/a> CBRE (2026): <em>\u201cEl papel renovado de la oficina en la era h\u00edbrida\u201d<\/em>.<\/p>\n\n\n\n<p class=\"has-small-font-size\"><a id=\"sdfootnote5sym\" href=\"#sdfootnote5anc\">5<\/a> KPMG (2025): \u201c<em>Trazando rutas de valor: Un mapa para realizar M&amp;A en Am\u00e9rica Latina<\/em>\u201d.<\/p>\n\n\n\n<hr class=\"wp-block-separator has-alpha-channel-opacity\"\/>\n","protected":false},"featured_media":27732,"parent":27740,"menu_order":0,"template":"","fm_magazine_cat":[3],"yoast_head":"<!-- This site is optimized with the Yoast SEO plugin v22.7 - https:\/\/yoast.com\/wordpress\/plugins\/seo\/ -->\n<title>Integraci\u00f3n f\u00edsica en fusiones y adquisiciones - WOW - World Of Work by Contract Workplaces<\/title>\n<meta name=\"description\" content=\"Conoce c\u00f3mo transformar el espacio de trabajo en valor y cultura corporativa en los procesos de fusiones y adquisiciones.\" \/>\n<meta name=\"robots\" content=\"index, follow, max-snippet:-1, max-image-preview:large, max-video-preview:-1\" \/>\n<link rel=\"canonical\" href=\"https:\/\/contractworkplaces.com\/site\/revista\/129-septiembre-2026\/integracion-fisica-en-fusiones-y-adquisiciones\/\" \/>\n<meta property=\"og:locale\" content=\"es_ES\" \/>\n<meta property=\"og:type\" content=\"article\" \/>\n<meta property=\"og:title\" content=\"Integraci\u00f3n f\u00edsica en fusiones y adquisiciones - WOW - World Of Work by Contract Workplaces\" \/>\n<meta property=\"og:description\" content=\"Conoce c\u00f3mo transformar el espacio de trabajo en valor y cultura corporativa en los procesos de fusiones y adquisiciones.\" \/>\n<meta property=\"og:url\" content=\"https:\/\/contractworkplaces.com\/site\/revista\/129-septiembre-2026\/integracion-fisica-en-fusiones-y-adquisiciones\/\" \/>\n<meta property=\"og:site_name\" content=\"WOW - World Of Work by Contract Workplaces\" \/>\n<meta property=\"og:image\" content=\"https:\/\/contractworkplaces.com\/site\/wp-content\/uploads\/2026\/08\/Fusiones_400x380.jpg\" \/>\n\t<meta property=\"og:image:width\" content=\"380\" \/>\n\t<meta property=\"og:image:height\" content=\"440\" \/>\n\t<meta property=\"og:image:type\" content=\"image\/jpeg\" \/>\n<meta name=\"twitter:card\" content=\"summary_large_image\" \/>\n<meta name=\"twitter:label1\" content=\"Tiempo de lectura\" \/>\n\t<meta name=\"twitter:data1\" content=\"7 minutos\" \/>\n<script type=\"application\/ld+json\" class=\"yoast-schema-graph\">{\"@context\":\"https:\/\/schema.org\",\"@graph\":[{\"@type\":\"WebPage\",\"@id\":\"https:\/\/contractworkplaces.com\/site\/revista\/129-septiembre-2026\/integracion-fisica-en-fusiones-y-adquisiciones\/\",\"url\":\"https:\/\/contractworkplaces.com\/site\/revista\/129-septiembre-2026\/integracion-fisica-en-fusiones-y-adquisiciones\/\",\"name\":\"Integraci\u00f3n f\u00edsica en fusiones y adquisiciones - WOW - World Of Work by Contract Workplaces\",\"isPartOf\":{\"@id\":\"https:\/\/contractworkplaces.com\/site\/#website\"},\"primaryImageOfPage\":{\"@id\":\"https:\/\/contractworkplaces.com\/site\/revista\/129-septiembre-2026\/integracion-fisica-en-fusiones-y-adquisiciones\/#primaryimage\"},\"image\":{\"@id\":\"https:\/\/contractworkplaces.com\/site\/revista\/129-septiembre-2026\/integracion-fisica-en-fusiones-y-adquisiciones\/#primaryimage\"},\"thumbnailUrl\":\"https:\/\/contractworkplaces.com\/site\/wp-content\/uploads\/2026\/08\/Fusiones_400x380.jpg\",\"datePublished\":\"2026-09-01T13:20:07+00:00\",\"dateModified\":\"2026-09-01T13:20:07+00:00\",\"description\":\"Conoce c\u00f3mo transformar el espacio de trabajo en valor y cultura corporativa en los procesos de fusiones y adquisiciones.\",\"breadcrumb\":{\"@id\":\"https:\/\/contractworkplaces.com\/site\/revista\/129-septiembre-2026\/integracion-fisica-en-fusiones-y-adquisiciones\/#breadcrumb\"},\"inLanguage\":\"es-AR\",\"potentialAction\":[{\"@type\":\"ReadAction\",\"target\":[\"https:\/\/contractworkplaces.com\/site\/revista\/129-septiembre-2026\/integracion-fisica-en-fusiones-y-adquisiciones\/\"]}]},{\"@type\":\"ImageObject\",\"inLanguage\":\"es-AR\",\"@id\":\"https:\/\/contractworkplaces.com\/site\/revista\/129-septiembre-2026\/integracion-fisica-en-fusiones-y-adquisiciones\/#primaryimage\",\"url\":\"https:\/\/contractworkplaces.com\/site\/wp-content\/uploads\/2026\/08\/Fusiones_400x380.jpg\",\"contentUrl\":\"https:\/\/contractworkplaces.com\/site\/wp-content\/uploads\/2026\/08\/Fusiones_400x380.jpg\",\"width\":380,\"height\":440},{\"@type\":\"BreadcrumbList\",\"@id\":\"https:\/\/contractworkplaces.com\/site\/revista\/129-septiembre-2026\/integracion-fisica-en-fusiones-y-adquisiciones\/#breadcrumb\",\"itemListElement\":[{\"@type\":\"ListItem\",\"position\":1,\"name\":\"Inicio\",\"item\":\"https:\/\/contractworkplaces.com\/site\/\"},{\"@type\":\"ListItem\",\"position\":2,\"name\":\"Revistas\",\"item\":\"https:\/\/contractworkplaces.com\/site\/revistas\/\"},{\"@type\":\"ListItem\",\"position\":3,\"name\":\"#129 | Septiembre 2026\",\"item\":\"https:\/\/contractworkplaces.com\/site\/revista\/129-septiembre-2026\/\"},{\"@type\":\"ListItem\",\"position\":4,\"name\":\"Integraci\u00f3n f\u00edsica en fusiones y adquisiciones\"}]},{\"@type\":\"WebSite\",\"@id\":\"https:\/\/contractworkplaces.com\/site\/#website\",\"url\":\"https:\/\/contractworkplaces.com\/site\/\",\"name\":\"WOW - World Of Work by Contract Workplaces\",\"description\":\"Magazine\",\"publisher\":{\"@id\":\"https:\/\/contractworkplaces.com\/site\/#organization\"},\"potentialAction\":[{\"@type\":\"SearchAction\",\"target\":{\"@type\":\"EntryPoint\",\"urlTemplate\":\"https:\/\/contractworkplaces.com\/site\/?s={search_term_string}\"},\"query-input\":\"required name=search_term_string\"}],\"inLanguage\":\"es-AR\"},{\"@type\":\"Organization\",\"@id\":\"https:\/\/contractworkplaces.com\/site\/#organization\",\"name\":\"WOW - World Of Work by Contract Workplaces\",\"url\":\"https:\/\/contractworkplaces.com\/site\/\",\"logo\":{\"@type\":\"ImageObject\",\"inLanguage\":\"es-AR\",\"@id\":\"https:\/\/contractworkplaces.com\/site\/#\/schema\/logo\/image\/\",\"url\":\"https:\/\/contractworkplaces.com\/site\/wp-content\/uploads\/2023\/01\/WOW.png\",\"contentUrl\":\"https:\/\/contractworkplaces.com\/site\/wp-content\/uploads\/2023\/01\/WOW.png\",\"width\":1200,\"height\":630,\"caption\":\"WOW - World Of Work by Contract Workplaces\"},\"image\":{\"@id\":\"https:\/\/contractworkplaces.com\/site\/#\/schema\/logo\/image\/\"}}]}<\/script>\n<!-- \/ Yoast SEO plugin. -->","yoast_head_json":{"title":"Integraci\u00f3n f\u00edsica en fusiones y adquisiciones - WOW - World Of Work by Contract Workplaces","description":"Conoce c\u00f3mo transformar el espacio de trabajo en valor y cultura corporativa en los procesos de fusiones y adquisiciones.","robots":{"index":"index","follow":"follow","max-snippet":"max-snippet:-1","max-image-preview":"max-image-preview:large","max-video-preview":"max-video-preview:-1"},"canonical":"https:\/\/contractworkplaces.com\/site\/revista\/129-septiembre-2026\/integracion-fisica-en-fusiones-y-adquisiciones\/","og_locale":"es_ES","og_type":"article","og_title":"Integraci\u00f3n f\u00edsica en fusiones y adquisiciones - WOW - World Of Work by Contract Workplaces","og_description":"Conoce c\u00f3mo transformar el espacio de trabajo en valor y cultura corporativa en los procesos de fusiones y adquisiciones.","og_url":"https:\/\/contractworkplaces.com\/site\/revista\/129-septiembre-2026\/integracion-fisica-en-fusiones-y-adquisiciones\/","og_site_name":"WOW - World Of Work by Contract Workplaces","og_image":[{"width":380,"height":440,"url":"https:\/\/contractworkplaces.com\/site\/wp-content\/uploads\/2026\/08\/Fusiones_400x380.jpg","type":"image\/jpeg"}],"twitter_card":"summary_large_image","twitter_misc":{"Tiempo de lectura":"7 minutos"},"schema":{"@context":"https:\/\/schema.org","@graph":[{"@type":"WebPage","@id":"https:\/\/contractworkplaces.com\/site\/revista\/129-septiembre-2026\/integracion-fisica-en-fusiones-y-adquisiciones\/","url":"https:\/\/contractworkplaces.com\/site\/revista\/129-septiembre-2026\/integracion-fisica-en-fusiones-y-adquisiciones\/","name":"Integraci\u00f3n f\u00edsica en fusiones y adquisiciones - WOW - World Of Work by Contract Workplaces","isPartOf":{"@id":"https:\/\/contractworkplaces.com\/site\/#website"},"primaryImageOfPage":{"@id":"https:\/\/contractworkplaces.com\/site\/revista\/129-septiembre-2026\/integracion-fisica-en-fusiones-y-adquisiciones\/#primaryimage"},"image":{"@id":"https:\/\/contractworkplaces.com\/site\/revista\/129-septiembre-2026\/integracion-fisica-en-fusiones-y-adquisiciones\/#primaryimage"},"thumbnailUrl":"https:\/\/contractworkplaces.com\/site\/wp-content\/uploads\/2026\/08\/Fusiones_400x380.jpg","datePublished":"2026-09-01T13:20:07+00:00","dateModified":"2026-09-01T13:20:07+00:00","description":"Conoce c\u00f3mo transformar el espacio de trabajo en valor y cultura corporativa en los procesos de fusiones y adquisiciones.","breadcrumb":{"@id":"https:\/\/contractworkplaces.com\/site\/revista\/129-septiembre-2026\/integracion-fisica-en-fusiones-y-adquisiciones\/#breadcrumb"},"inLanguage":"es-AR","potentialAction":[{"@type":"ReadAction","target":["https:\/\/contractworkplaces.com\/site\/revista\/129-septiembre-2026\/integracion-fisica-en-fusiones-y-adquisiciones\/"]}]},{"@type":"ImageObject","inLanguage":"es-AR","@id":"https:\/\/contractworkplaces.com\/site\/revista\/129-septiembre-2026\/integracion-fisica-en-fusiones-y-adquisiciones\/#primaryimage","url":"https:\/\/contractworkplaces.com\/site\/wp-content\/uploads\/2026\/08\/Fusiones_400x380.jpg","contentUrl":"https:\/\/contractworkplaces.com\/site\/wp-content\/uploads\/2026\/08\/Fusiones_400x380.jpg","width":380,"height":440},{"@type":"BreadcrumbList","@id":"https:\/\/contractworkplaces.com\/site\/revista\/129-septiembre-2026\/integracion-fisica-en-fusiones-y-adquisiciones\/#breadcrumb","itemListElement":[{"@type":"ListItem","position":1,"name":"Inicio","item":"https:\/\/contractworkplaces.com\/site\/"},{"@type":"ListItem","position":2,"name":"Revistas","item":"https:\/\/contractworkplaces.com\/site\/revistas\/"},{"@type":"ListItem","position":3,"name":"#129 | Septiembre 2026","item":"https:\/\/contractworkplaces.com\/site\/revista\/129-septiembre-2026\/"},{"@type":"ListItem","position":4,"name":"Integraci\u00f3n f\u00edsica en fusiones y adquisiciones"}]},{"@type":"WebSite","@id":"https:\/\/contractworkplaces.com\/site\/#website","url":"https:\/\/contractworkplaces.com\/site\/","name":"WOW - World Of Work by Contract Workplaces","description":"Magazine","publisher":{"@id":"https:\/\/contractworkplaces.com\/site\/#organization"},"potentialAction":[{"@type":"SearchAction","target":{"@type":"EntryPoint","urlTemplate":"https:\/\/contractworkplaces.com\/site\/?s={search_term_string}"},"query-input":"required name=search_term_string"}],"inLanguage":"es-AR"},{"@type":"Organization","@id":"https:\/\/contractworkplaces.com\/site\/#organization","name":"WOW - World Of Work by Contract Workplaces","url":"https:\/\/contractworkplaces.com\/site\/","logo":{"@type":"ImageObject","inLanguage":"es-AR","@id":"https:\/\/contractworkplaces.com\/site\/#\/schema\/logo\/image\/","url":"https:\/\/contractworkplaces.com\/site\/wp-content\/uploads\/2023\/01\/WOW.png","contentUrl":"https:\/\/contractworkplaces.com\/site\/wp-content\/uploads\/2023\/01\/WOW.png","width":1200,"height":630,"caption":"WOW - World Of Work by Contract Workplaces"},"image":{"@id":"https:\/\/contractworkplaces.com\/site\/#\/schema\/logo\/image\/"}}]}},"_links":{"self":[{"href":"https:\/\/contractworkplaces.com\/site\/wp-json\/wp\/v2\/fm_magazine\/27731"}],"collection":[{"href":"https:\/\/contractworkplaces.com\/site\/wp-json\/wp\/v2\/fm_magazine"}],"about":[{"href":"https:\/\/contractworkplaces.com\/site\/wp-json\/wp\/v2\/types\/fm_magazine"}],"up":[{"embeddable":true,"href":"https:\/\/contractworkplaces.com\/site\/wp-json\/wp\/v2\/fm_magazine\/27740"}],"wp:featuredmedia":[{"embeddable":true,"href":"https:\/\/contractworkplaces.com\/site\/wp-json\/wp\/v2\/media\/27732"}],"wp:attachment":[{"href":"https:\/\/contractworkplaces.com\/site\/wp-json\/wp\/v2\/media?parent=27731"}],"wp:term":[{"taxonomy":"fm_magazine_cat","embeddable":true,"href":"https:\/\/contractworkplaces.com\/site\/wp-json\/wp\/v2\/fm_magazine_cat?post=27731"}],"curies":[{"name":"wp","href":"https:\/\/api.w.org\/{rel}","templated":true}]}}